{"id":24246,"date":"2025-06-11T16:05:19","date_gmt":"2025-06-11T14:05:19","guid":{"rendered":"https:\/\/taxfix.com\/es-es\/?page_id=24246"},"modified":"2025-12-24T11:34:14","modified_gmt":"2025-12-24T10:34:14","slug":"qonto","status":"publish","type":"page","link":"https:\/\/taxfix.com\/es-es\/qonto\/","title":{"rendered":"Qonto partnership"},"content":{"rendered":"<div class=\"b-notice m-yellow  m-full-width\">\n    <div class=\"b-notice__inner\">\n        <div><p>La promoci\u00f3n se aplica autom\u00e1ticamente en la pantalla de pago \ud83d\uded2<\/p>\n<\/div>\n    <\/div>\n<\/div> <!-- .b-notice -->\n\n\n\n<div class=\"b-hero-v2 m-blue m-bottom-align\">\n\n    <div class=\"c-container\">\n\n        <div class=\"b-hero-v2__inner\">\n\n            <div class=\"b-hero-v2__content\">\n\n                \n                <h1 class=\"b-hero-v2__title\">No es magia, es una gestor\u00eda online gratis<\/h1>\n\n                \n                \n                <div class=\"b-hero-v2__body\"><p>Disfruta de 3 meses gratis en tu Pack Aut\u00f3nomos o Pack Empresas por ser usuario de Qonto \ud83d\ude80<\/p>\n<ul>\n<li>Con tu propio gestor personal<\/li>\n<li>Impuestos y contabilidad controlados<\/li>\n<li>Compatible con Verifactu<\/li>\n<\/ul>\n<div style=\"display: flex; align-items: center; margin-top: 24px; gap: 6px; font-size: 14px;\">Valoraci\u00f3n de<div class=\"c-stars\"><svg width=\"16\" height=\"15\" viewBox=\"0 0 16 15\" xmlns=\"http:\/\/www.w3.org\/2000\/svg\" fill=\"#ffffff\"><path d=\"M8 0L9.79611 5.52786H15.6085L10.9062 8.94427L12.7023 14.4721L8 11.0557L3.29772 14.4721L5.09383 8.94427L0.391548 5.52786H6.20389L8 0Z\"\/><\/svg><svg width=\"16\" height=\"15\" viewBox=\"0 0 16 15\" xmlns=\"http:\/\/www.w3.org\/2000\/svg\" fill=\"#ffffff\"><path d=\"M8 0L9.79611 5.52786H15.6085L10.9062 8.94427L12.7023 14.4721L8 11.0557L3.29772 14.4721L5.09383 8.94427L0.391548 5.52786H6.20389L8 0Z\"\/><\/svg><svg width=\"16\" height=\"15\" viewBox=\"0 0 16 15\" xmlns=\"http:\/\/www.w3.org\/2000\/svg\" fill=\"#ffffff\"><path d=\"M8 0L9.79611 5.52786H15.6085L10.9062 8.94427L12.7023 14.4721L8 11.0557L3.29772 14.4721L5.09383 8.94427L0.391548 5.52786H6.20389L8 0Z\"\/><\/svg><svg width=\"16\" height=\"15\" viewBox=\"0 0 16 15\" xmlns=\"http:\/\/www.w3.org\/2000\/svg\" fill=\"#ffffff\"><path d=\"M8 0L9.79611 5.52786H15.6085L10.9062 8.94427L12.7023 14.4721L8 11.0557L3.29772 14.4721L5.09383 8.94427L0.391548 5.52786H6.20389L8 0Z\"\/><\/svg><svg width=\"16\" height=\"15\" viewBox=\"0 0 16 15\" xmlns=\"http:\/\/www.w3.org\/2000\/svg\" fill=\"#ffffff\"><path d=\"M8 0L9.79611 5.52786H15.6085L10.9062 8.94427L12.7023 14.4721L8 11.0557L3.29772 14.4721L5.09383 8.94427L0.391548 5.52786H6.20389L8 0Z\"\/><\/svg><\/div>4,5\/5 en Google<\/div>\n<\/div>\n\n                \n                \n                <div class=\"b-hero-v2__actions\">\n\n                    <a data-js=\"openAuth\" data-view=\"registrarse\" href=\"https:\/\/taxfix.com\/es-es\/app\/signup\" class=\"gtm-get-started-button c-button m-large\" >Empezar<\/a> \n\n\n                                        <div class=\"b-hero-v2__actions-secondary\">o <a href=\"#\" data-js=\"intercom_open\">habla con nosotros<\/a> para saber m\u00e1s<\/div>\n                    \n                <\/div>\n\n                \n                \n            <\/div>\n\n            \n                \n                <div class=\"b-hero-v2__media m-both m-default\">\n                    <img fetchpriority=\"high\" decoding=\"async\" loading=\"eager\" src=\"https:\/\/taxfix.com\/es-es\/wp-content\/uploads\/25Q3_TS-ES_Rebrand_Website_Core_Homepage_Hero.png\" width=\"1048\" height=\"985\" alt=\"Gestor\u00eda online para aut\u00f3nomos, empresas y particulares\" srcset=\"https:\/\/taxfix.com\/es-es\/wp-content\/uploads\/25Q3_TS-ES_Rebrand_Website_Core_Homepage_Hero-300x282.png 300w, https:\/\/taxfix.com\/es-es\/wp-content\/uploads\/25Q3_TS-ES_Rebrand_Website_Core_Homepage_Hero-1024x962.png 1024w, https:\/\/taxfix.com\/es-es\/wp-content\/uploads\/25Q3_TS-ES_Rebrand_Website_Core_Homepage_Hero-768x722.png 768w, https:\/\/taxfix.com\/es-es\/wp-content\/uploads\/25Q3_TS-ES_Rebrand_Website_Core_Homepage_Hero.png 1048w\" class=\"b-hero-v2__media-image\" sizes=\"(min-width: 1240px) 634px, (min-width: 1000px) 528px, (min-width: 737px) 576px, calc(100vw - 48px)\"\/>\n                <\/div>\n\n                            \n        <\/div>\n    <\/div>\n<\/div> <!-- .b-hero-v2 -->\n\n\n\n<div class=\"b-media-v2\">\n\n    <div class=\"b-block-header m-narrow\">\n\n        <h2 class=\"b-block-header__title\">Los pasos para despreocuparte por tus impuestos<\/h2>\n    \n    \n<\/div>\n\n    \n    <div class=\"b-media-v2__container\">\n\n        \n        <div class=\"b-media-v2__list\">\n\n            \n            \n            <div class=\"b-media-v2__item \">\n\n                <div class=\"b-media-v2__item-content\">\n\n                    <div class=\"b-media-v2__item-content-text\">\n                        <div class=\"b-media-v2__item-content-text-inner\">\n\n                                                        <h3 class=\"b-media-v2__item-title\">Conoce a tu asesor personal<\/h3>\n                            \n                                                        <div class=\"b-media-v2__item-body\">\n                                <div class=\"b-block-body\">\n                                    <p>Te registras y conoces a tu asesor. Hablar\u00e9is y estudiar\u00e1 tu caso para ayudarte a ahorrar en tus declaraciones y para llevar tu situaci\u00f3n fiscal a otro nivel.<\/p>\n\n                                <\/div>\n                            <\/div>\n                            \n                        <\/div>\n                    <\/div>\n                <\/div>\n\n                                \n                <div class=\"b-media-v2__item-media\">                    \n                    <img decoding=\"async\" loading=\"lazy\" src=\"https:\/\/taxfix.com\/es-es\/wp-content\/uploads\/25Q3_TS-ES_Rebrand_Website_SEO-Content_Asesoria-fiscal_Image.png\" width=\"600\" height=\"474\" alt=\"Te asignamos un asesor fiscal experto\" srcset=\"https:\/\/taxfix.com\/es-es\/wp-content\/uploads\/25Q3_TS-ES_Rebrand_Website_SEO-Content_Asesoria-fiscal_Image-300x237.png 300w, https:\/\/taxfix.com\/es-es\/wp-content\/uploads\/25Q3_TS-ES_Rebrand_Website_SEO-Content_Asesoria-fiscal_Image.png 600w\" class=\"b-media-v2__item-image\" sizes=\"auto, 240px\"\/>\n                <\/div>\n\n                            <\/div>\n\n            \n            \n            \n            <div class=\"b-media-v2__item \">\n\n                <div class=\"b-media-v2__item-content\">\n\n                    <div class=\"b-media-v2__item-content-text\">\n                        <div class=\"b-media-v2__item-content-text-inner\">\n\n                                                        <h3 class=\"b-media-v2__item-title\">Presentamos tus impuestos<\/h3>\n                            \n                                                        <div class=\"b-media-v2__item-body\">\n                                <div class=\"b-block-body\">\n                                    <p>Trimestrales, anuales&#8230; Nos encargamos de todos tus tr\u00e1mites e impuestos. Si vas a emprender, gestionamos tu alta de aut\u00f3nomo y te ayudamos con la creaci\u00f3n de tu empresa.<\/p>\n\n                                <\/div>\n                            <\/div>\n                            \n                        <\/div>\n                    <\/div>\n                <\/div>\n\n                                \n                <div class=\"b-media-v2__item-media\">                    \n                    <img decoding=\"async\" loading=\"lazy\" src=\"https:\/\/taxfix.com\/es-es\/wp-content\/uploads\/25Q3_TS-ES_Rebrand_Website_Core_Declaracion-de-la-renta_Product-popup.png\" width=\"600\" height=\"474\" alt=\"Tu gestor prepara tu renta y la apruebas en un clic\" srcset=\"https:\/\/taxfix.com\/es-es\/wp-content\/uploads\/25Q3_TS-ES_Rebrand_Website_Core_Declaracion-de-la-renta_Product-popup-300x237.png 300w, https:\/\/taxfix.com\/es-es\/wp-content\/uploads\/25Q3_TS-ES_Rebrand_Website_Core_Declaracion-de-la-renta_Product-popup.png 600w\" class=\"b-media-v2__item-image\" sizes=\"auto, 240px\"\/>\n                <\/div>\n\n                            <\/div>\n\n            \n            \n            \n            <div class=\"b-media-v2__item \">\n\n                <div class=\"b-media-v2__item-content\">\n\n                    <div class=\"b-media-v2__item-content-text\">\n                        <div class=\"b-media-v2__item-content-text-inner\">\n\n                                                        <h3 class=\"b-media-v2__item-title\">Todo en orden con Hacienda<\/h3>\n                            \n                                                        <div class=\"b-media-v2__item-body\">\n                                <div class=\"b-block-body\">\n                                    <p>Tu asesor se encarga de todo para que t\u00fa tengas la tranquilidad de saber que tu fiscalidad est\u00e1 al d\u00eda, sin sustos ni preocupaciones.<\/p>\n\n                                <\/div>\n                            <\/div>\n                            \n                        <\/div>\n                    <\/div>\n                <\/div>\n\n                                \n                <div class=\"b-media-v2__item-media\">                    \n                    <img decoding=\"async\" loading=\"lazy\" src=\"https:\/\/taxfix.com\/es-es\/wp-content\/uploads\/25Q3_TS-ES_Rebrand_Website_Core_Homepage_Customer.png\" width=\"600\" height=\"474\" alt=\"Tus impuestos con una gestor\u00eda online\" srcset=\"https:\/\/taxfix.com\/es-es\/wp-content\/uploads\/25Q3_TS-ES_Rebrand_Website_Core_Homepage_Customer-300x237.png 300w, https:\/\/taxfix.com\/es-es\/wp-content\/uploads\/25Q3_TS-ES_Rebrand_Website_Core_Homepage_Customer.png 600w\" class=\"b-media-v2__item-image\" sizes=\"auto, 240px\"\/>\n                <\/div>\n\n                            <\/div>\n\n            \n            \n        <\/div>\n\n        \n    <\/div>\n<\/div> <!-- .b-media-v2 -->\n\n\n\n<div class=\"b-tax-office\">\n\n    <div class=\"c-container\">\n\n        <div class=\"b-tax-office__content m-neutral\">\n\n            <div class=\"b-tax-office__logo\">\n                \n    <div class=\"c-tax-agency \">\n        <svg width=\"36\" height=\"39\" viewBox=\"0 0 36 39\" fill=\"none\" xmlns=\"http:\/\/www.w3.org\/2000\/svg\">\n<path d=\"M35.8049 5.43007C35.8483 3.06353 34.001 1.17188 31.7621 1.17188H4.04555C1.80567 1.17188 -0.0420914 3.06527 -8.7738e-05 5.43278C0.275711 20.8979 4.6838 28.8364 15.6568 37.3659C16.3114 37.8767 17.1007 38.1583 17.9142 38.1714C18.7277 38.1845 19.5248 37.9283 20.1938 37.4389C30.8114 29.6355 35.5132 21.3392 35.8049 5.43007Z\" fill=\"#154618\"\/><path d=\"M29.5417 9.82887H22.3941C22.2486 9.82887 22.1044 9.86712 21.9779 9.93869C21.8501 10.0103 21.7451 10.1139 21.6717 10.2373L16.9821 20.0493C16.9101 20.2 16.7558 20.2962 16.586 20.2962C16.4083 20.2962 16.2482 20.1907 16.181 20.0294L14.4596 15.8924C14.3862 15.7678 14.2812 15.6653 14.1534 15.5938C14.0269 15.5222 13.8827 15.484 13.7372 15.484H7.43847C7.37901 15.484 7.32209 15.4988 7.27149 15.5271C7.22089 15.5555 7.17788 15.5975 7.14878 15.6468C7.11969 15.6962 7.10449 15.7529 7.10449 15.8097C7.10449 15.8665 7.11969 15.9232 7.14878 15.9726L12.5911 25.2122C12.6202 25.2616 12.6619 25.3035 12.7138 25.3319C12.7644 25.3603 12.8213 25.3751 12.8808 25.3751H20.4788C20.6255 25.3751 20.7697 25.3368 20.8962 25.2653C21.024 25.1937 21.129 25.0901 21.2024 24.9654L29.8314 10.3163C29.8605 10.2669 29.8757 10.2102 29.8757 10.1534C29.8757 10.0966 29.8605 10.0399 29.8301 9.99051C29.801 9.94116 29.7593 9.8992 29.7087 9.87082C29.6581 9.84244 29.5999 9.82764 29.5417 9.82764V9.82887Z\" fill=\"#ADEE68\"\/><\/svg>\n        <div class=\"c-tax-agency__text\">Colaborador Social Agencia Tributaria<\/div>\n    <\/div>\n            <\/div>\n\n            <div class=\"b-tax-office__body\">Somos Colaborador Social de la Agencia Tributaria, as\u00ed que nuestros asesores pueden encargarse de tus tr\u00e1mites fiscales por ti con la m\u00e1xima seguridad.<\/div>\n        <\/div>\n    <\/div>\n<\/div> <!-- .b-tax-office -->\n\n\n\n<div class=\"b-services m-columns-2\">\n\n    <div class=\"b-block-header \">\n\n        <h2 class=\"b-block-header__title\">Elige el Pack que mejor se adapta a ti<\/h2>\n    \n        <div class=\"b-block-header__lead\"><p>Disfruta de 3 meses gratis en cualquiera de nuestros Pack Aut\u00f3nomos o en el Pack Empresas.<br \/>\nLa promoci\u00f3n se aplicar\u00e1 autom\u00e1ticamente en la pantalla de pago.<br \/>\nOferta v\u00e1lida para nuevos clientes.<\/p>\n<\/div>\n    \n<\/div>\n\n\n    <div class=\"c-container m-mobile-wide\">\n\n        <div class=\"b-services__inner\">\n\n            \n            \n            \n            <div class=\"b-services__item m-mint \">\n\n                <div class=\"b-services__item-inner\">\n                    \n                                    \n                                        \n                                        <h3 class=\"b-services__item-title\"><span>Pack Aut\u00f3nomos<\/span><\/h3>\n                    \n                                        <div class=\"b-services__item-price-container\">\n                        <div class=\"b-services__item-price\">\n                            <span>0 \u20ac<\/span><span style=\"display: block; font-size: 1.3em; font-weight: 600; line-height: 1.2; margin-bottom: 5px; color: #000000;\">durante 3 meses<\/span>  <span style=\"display: block; font-size: 1em; opacity: 0.6; line-height: 1.2; color: #000000;\">despu\u00e9s 39,90\u20ac + IVA<\/span>\n                        <\/div>\n                    <\/div>\n                                        \n                                        <div class=\"b-services__item-description\">\n                        <strong>Tendr\u00e1s todo lo necesario para gestionar tu vida fiscal de aut\u00f3nomo<\/strong>\n                    <\/div>\n                                    \n                                        <div class=\"b-services__item-body\">\n                        <div class=\"b-block-body m-small\"><ul>\n<li>Asesor fiscal personal<\/li>\n<li>Respuesta en 24 horas laborables<\/li>\n<li>Programa de facturaci\u00f3n y contabilidad<\/li>\n<li>Alta de aut\u00f3nomo y gesti\u00f3n de la tarifa plana<\/li>\n<li>Ayuda con el cambio de gestor\u00eda<\/li>\n<li>Todos los impuestos trimestrales y anuales<\/li>\n<li>Declaraci\u00f3n de la renta a partir del a\u00f1o en el que te suscribas<\/li>\n<li>Tr\u00e1mites para facturar en el extranjero<\/li>\n<\/ul>\n<\/div>\n                    <\/div>\n                    \n                <\/div>\n                \n                \n                <div class=\"b-services__item-action\">\n\n                    \n                    \n                    <a data-js=\"openAuth\" data-view=\"registrarse\" href=\"https:\/\/taxfix.com\/es-es\/app\/signup\" class=\"gtm-get-started-button c-button m-large\" data-variant=\"newSelfEmployed\"onClick=\"javascript:setVariantAndInitialTier('newSelfEmployed', '');\">Registrarme<\/a>\n\n\n                    \n                <\/div>\n\n                                \n                            <\/div>\n\n            \n            \n            <div class=\"b-services__item m-purple \">\n\n                <div class=\"b-services__item-inner\">\n                    \n                                    \n                                        \n                                        <h3 class=\"b-services__item-title\"><span>Pack Empresas<\/span><\/h3>\n                    \n                                        <div class=\"b-services__item-price-container\">\n                        <div class=\"b-services__item-price\">\n                            <span>0 \u20ac<\/span><span style=\"display: block; font-size: 1.3em; font-weight: 600; line-height: 1.2; margin-bottom: 5px; color: #000000;\">durante 3 meses<\/span>  <span style=\"display: block; font-size: 1em; opacity: 0.6; line-height: 1.2; color: #000000;\">despu\u00e9s 59,90\u20ac + IVA<\/span>\n                        <\/div>\n                    <\/div>\n                                        \n                                        <div class=\"b-services__item-description\">\n                        <strong>Tendr\u00e1s tu sociedad bajo control, desde la constituci\u00f3n hasta el cierre del a\u00f1o fiscal.<\/strong>\n                    <\/div>\n                                    \n                                        <div class=\"b-services__item-body\">\n                        <div class=\"b-block-body m-small\"><ul>\n<li>Asesor fiscal personal<\/li>\n<li>Respuesta en 24 horas laborables<\/li>\n<li>Ayuda con el cambio de gestor\u00eda<\/li>\n<li>Constituci\u00f3n de tu sociedad<\/li>\n<li>Todos los impuestos trimestrales y anuales, incluido el Impuesto de Sociedades<\/li>\n<li>Programa de facturaci\u00f3n online<\/li>\n<li>Gesti\u00f3n de la contabilidad, legalizaci\u00f3n de Libros y presentaci\u00f3n de Cuentas Anuales<\/li>\n<\/ul>\n<\/div>\n                    <\/div>\n                    \n                <\/div>\n                \n                \n                <div class=\"b-services__item-action\">\n\n                    \n                    \n                    <a data-js=\"openAuth\" data-view=\"registrarse\" href=\"https:\/\/taxfix.com\/es-es\/app\/signup\" class=\"gtm-get-started-button c-button m-large\" data-variant=\"company\"onClick=\"javascript:setVariantAndInitialTier('company', '');\">Registrarme<\/a>\n\n\n                    \n                <\/div>\n\n                                \n                            <\/div>\n\n                        \n        <\/div>\n\n                <div class=\"b-services__footer\">\n            Ver los <a href=\"https:\/\/taxfix.com\/es-es\/terminos-y-condiciones-qonto\/\">t\u00e9rminos y condiciones de la promoci\u00f3n<\/a>.\n        <\/div>\n            <\/div>\n<\/div> <!-- .b-services -->\n\n\n\n<div class=\"c-block-partner\">\n\n    <div class=\"c-container\">\n\n        <div class=\"c-block-partner__inner\">\n\n            \n            <div class=\"c-block-partner__media\">\n\n                <div class=\"c-block-partner__media-inner\">\n                    <img decoding=\"async\" loading=\"lazy\" src=\"https:\/\/taxfix.com\/es-es\/wp-content\/uploads\/logo-qonto-1024x500.png\" width=\"1024\" height=\"500\" alt=\"\" srcset=\"https:\/\/taxfix.com\/es-es\/wp-content\/uploads\/logo-qonto-300x146.png 300w, https:\/\/taxfix.com\/es-es\/wp-content\/uploads\/logo-qonto-1024x500.png 1024w, https:\/\/taxfix.com\/es-es\/wp-content\/uploads\/logo-qonto-768x375.png 768w, https:\/\/taxfix.com\/es-es\/wp-content\/uploads\/logo-qonto-1536x750.png 1536w, https:\/\/taxfix.com\/es-es\/wp-content\/uploads\/logo-qonto-2048x1000.png 2048w, https:\/\/taxfix.com\/es-es\/wp-content\/uploads\/logo-qonto-1440x703.png 1440w\" class=\"c-block-partner__image\" sizes=\"auto, (min-width: 1240px) 356px, (min-width: 1000px) 293px, calc(100vw - 48px)\"\/>\n                <\/div>\n            <\/div>\n\n            \n            \n            <div class=\"c-block-partner__body\">\n                <div class=\"c-block-partner__body-inner\">\n                    <div class=\"c-body m-smaller\">\n                        <h2>Una promoci\u00f3n especial para usuarios de Qonto<\/h2>\n<p>\u00bfTienes una cuenta bancaria con Qonto? Entonces seguro que ya sabes lo c\u00f3modo que es gestionar tu contabilidad online. \u00bfPor qu\u00e9 no tambi\u00e9n tus impuestos? En Taxfix nos encargamos de tu vida fiscal para que t\u00fa no te muevas del sof\u00e1. Ayudamos a aut\u00f3nomos, empresas y hasta a particulares con su declaraci\u00f3n de la renta. R\u00e1pido, f\u00e1cil y 100% online.<\/p>\n\n                    <\/div>\n                <\/div>\n            <\/div>\n\n            \n        <\/div>\n    <\/div>\n<\/div> <!-- .c-block-partner -->\n\n\n\n<div class=\"b-cta m-center\">\n\n    <div class=\"c-container m-mobile-wide\">\n\n        <div class=\"b-cta__inner m-yellow\">\n\n            <div class=\"b-cta__content\">\n\n                \n                <h3 class=\"b-cta__title\">3 meses gratis dan para MUCHO \ud83e\udd29<\/h3>\n\n                \n                \n                <div class=\"b-cta__body\">\n                    <div class=\"b-block-body\"><p>\u00bfQuieres tener tu propio asesor personal, un programa de facturaci\u00f3n y contabilidad compatible con Verifactu y tus impuestos presentados? Escoge el Pack Aut\u00f3nomos que m\u00e1s te convenga o el Pack Empresas. \u00a1No lo dejes escapar!<\/p>\n<\/div>\n                <\/div>\n\n                \n                \n                <div class=\"b-cta__action\">\n\n                    <a data-js=\"openAuth\" data-view=\"registrarse\" href=\"https:\/\/taxfix.com\/es-es\/app\/signup\" class=\"gtm-get-started-button c-button   m-mobile-fullwidth\" data-variant=\"VARIANT_NAME\"onClick=\"javascript:setVariantAndInitialTier('VARIANT_NAME', '');\">\u00bfEmpezamos?<\/a>\n\n\n                <\/div>\n\n                \n            <\/div>\n\n            \n            <div class=\"b-cta__media\">\n                <img decoding=\"async\" loading=\"lazy\" src=\"https:\/\/taxfix.com\/es-es\/wp-content\/uploads\/25Q3_TS-ES_Rebrand_Website_Core_Empresas_Customer.png\" width=\"1200\" height=\"900\" alt=\"Asesor\u00eda online para aut\u00f3nomos\" srcset=\"https:\/\/taxfix.com\/es-es\/wp-content\/uploads\/25Q3_TS-ES_Rebrand_Website_Core_Empresas_Customer-300x225.png 300w, https:\/\/taxfix.com\/es-es\/wp-content\/uploads\/25Q3_TS-ES_Rebrand_Website_Core_Empresas_Customer-1024x768.png 1024w, https:\/\/taxfix.com\/es-es\/wp-content\/uploads\/25Q3_TS-ES_Rebrand_Website_Core_Empresas_Customer-768x576.png 768w, https:\/\/taxfix.com\/es-es\/wp-content\/uploads\/25Q3_TS-ES_Rebrand_Website_Core_Empresas_Customer.png 1200w\" class=\"b-cta__media-image\" sizes=\"auto, (min-width: 1240px) 518px, (min-width: 1000px) 432px, calc(100vw - 48px)\"\/>\n            <\/div>\n\n            \n        <\/div>\n    <\/div>\n<\/div> <!-- .b-cta -->\n\n\n\n<div class=\"b-testimonials-v2 m-red\">\n\n    <div class=\"b-block-header \">\n\n        <h2 class=\"b-block-header__title\">Un mont\u00f3n de aut\u00f3nomos nos recomiendan<\/h2>\n    \n    \n<\/div>\n\n\n    <div class=\"b-testimonials-v2__slider\">\n        <div class=\"c-container m-mobile-full\">\n\n            <div data-react=\"block-testimonials\" data-options='{\n                \"reviewsUrl\": \"https:\/\/search.google.com\/local\/reviews?placeid=ChIJuTceuAkpQg0RfnDvQozJT00\",\n                \"testimonials\": [{&quot;body&quot;:&quot;Acabo de empezar el proceso con Taxfix para darme de alta como aut\\u00f3nomo y facturar fuera de Espa\\u00f1a. No podr\\u00eda estar m\\u00e1s contenta y agradecida.&quot;,&quot;author&quot;:&quot;Maura Sulbaran&quot;,&quot;stars&quot;:&quot;5&quot;,&quot;link&quot;:&quot;https:\\\/\\\/maps.app.goo.gl\\\/xVoDBsLhxbdimF9p8&quot;},{&quot;body&quot;:&quot;Desde el primer momento, qued\\u00e9 impresionado con la eficiencia y rapidez del servicio. Todos los tr\\u00e1mites se realizaron de manera expedita, sin demoras innecesarias. &quot;,&quot;author&quot;:&quot;David Fern\\u00e1ndez&quot;,&quot;stars&quot;:&quot;5&quot;,&quot;link&quot;:&quot;https:\\\/\\\/maps.app.goo.gl\\\/iVUoBHV6xeSyWXzt8&quot;},{&quot;body&quot;:&quot;Muy buen servicio, siempre te recomiendan las mejores opciones para tu empresa o aut\\u00f3nomo que es mi caso. De mucha ayuda cuando tienes cualquier consulta.&quot;,&quot;author&quot;:&quot;Jorge Alarc\\u00f3n&quot;,&quot;stars&quot;:&quot;5&quot;,&quot;link&quot;:&quot;https:\\\/\\\/maps.app.goo.gl\\\/eELynPV45kE123pV8&quot;},{&quot;body&quot;:&quot;Soy francesa y no estoy muy familiarizada con la legislaci\\u00f3n espa\\u00f1ola. Todo fueron facilidades y me siento tranquila para gestionar mi alta de aut\\u00f3nomo.&quot;,&quot;author&quot;:&quot;Elodie Vigouroux&quot;,&quot;stars&quot;:&quot;5&quot;,&quot;link&quot;:&quot;https:\\\/\\\/maps.app.goo.gl\\\/44tv3ET2GGKo1Kcu8&quot;},{&quot;body&quot;:&quot;Un servicio excelente. Muy diligentes, r\\u00e1pidos en responder cuando surge alguna cuesti\\u00f3n. Est\\u00e1s siempre bien atendido.&quot;,&quot;author&quot;:&quot;\\u00c1lvaro Ferrer&quot;,&quot;stars&quot;:&quot;5&quot;,&quot;link&quot;:&quot;https:\\\/\\\/maps.app.goo.gl\\\/k59jrR4SedHeH8jT9&quot;},{&quot;body&quot;:&quot;Ram\\u00f3n me ha ayudado mucho, estoy muy agradecida. Destaco que la relaci\\u00f3n calidad precio es inmejorable. Se lo recomiendo a cualquier aut\\u00f3nomo que est\\u00e9 empezando.&quot;,&quot;author&quot;:&quot;Aran Gonz\\u00e1lez&quot;,&quot;stars&quot;:&quot;5&quot;,&quot;link&quot;:&quot;https:\\\/\\\/maps.app.goo.gl\\\/TvwRYBdPKT4s8DKs8&quot;},{&quot;body&quot;:&quot;Estoy encantada con el trabajo que hacen en esta gestor\\u00eda online, lo recomiendo totalmente.&quot;,&quot;author&quot;:&quot;Concha Escribano&quot;,&quot;stars&quot;:&quot;5&quot;,&quot;link&quot;:&quot;https:\\\/\\\/g.co\\\/kgs\\\/X4qQtmN&quot;}]\n            }'><\/div>\n        <\/div>\n    <\/div>\n\n    \n    \n    <div class=\"b-testimonials-v2__google\">\n        <div class=\"b-testimonials-v2__google-text\">Valoraci\u00f3n de  4,5\/5. Ver todas las opiniones en <a href=\"https:\/\/search.google.com\/local\/reviews?placeid=ChIJuTceuAkpQg0RfnDvQozJT00\" target=\"_blank\">Google<\/a><\/div>\n        <a href=\"https:\/\/search.google.com\/local\/reviews?placeid=ChIJuTceuAkpQg0RfnDvQozJT00\" target=\"_blank\"  class=\"b-testimonials-v2__google-logo\"><svg width=\"270px\" height=\"89px\" viewBox=\"0 0 270 89\" version=\"1.1\" xmlns=\"http:\/\/www.w3.org\/2000\/svg\" xmlns:xlink=\"http:\/\/www.w3.org\/1999\/xlink\"><g stroke=\"none\" stroke-width=\"1\" fill=\"none\" fill-rule=\"evenodd\"><g fill-rule=\"nonzero\"><path d=\"M115.39,46.71 C115.39,59.48 105.4,68.89 93.14,68.89 C80.88,68.89 70.89,59.48 70.89,46.71 C70.89,33.85 80.88,24.53 93.14,24.53 C105.4,24.53 115.39,33.85 115.39,46.71 Z M105.65,46.71 C105.65,38.73 99.86,33.27 93.14,33.27 C86.42,33.27 80.63,38.73 80.63,46.71 C80.63,54.61 86.42,60.15 93.14,60.15 C99.86,60.15 105.65,54.6 105.65,46.71 Z\" id=\"Shape\" fill=\"#EA4335\"><\/path><path d=\"M163.39,46.71 C163.39,59.48 153.4,68.89 141.14,68.89 C128.88,68.89 118.89,59.48 118.89,46.71 C118.89,33.86 128.88,24.53 141.14,24.53 C153.4,24.53 163.39,33.85 163.39,46.71 Z M153.65,46.71 C153.65,38.73 147.86,33.27 141.14,33.27 C134.42,33.27 128.63,38.73 128.63,46.71 C128.63,54.61 134.42,60.15 141.14,60.15 C147.86,60.15 153.65,54.6 153.65,46.71 Z\" id=\"Shape\" fill=\"#FBBC05\"><\/path><path d=\"M209.39,25.87 L209.39,65.69 C209.39,82.07 199.73,88.76 188.31,88.76 C177.56,88.76 171.09,81.57 168.65,75.69 L177.13,72.16 C178.64,75.77 182.34,80.03 188.3,80.03 C195.61,80.03 200.14,75.52 200.14,67.03 L200.14,63.84 L199.8,63.84 C197.62,66.53 193.42,68.88 188.12,68.88 C177.03,68.88 166.87,59.22 166.87,46.79 C166.87,34.27 177.03,24.53 188.12,24.53 C193.41,24.53 197.61,26.88 199.8,29.49 L200.14,29.49 L200.14,25.88 L209.39,25.88 L209.39,25.87 Z M200.83,46.79 C200.83,38.98 195.62,33.27 188.99,33.27 C182.27,33.27 176.64,38.98 176.64,46.79 C176.64,54.52 182.27,60.15 188.99,60.15 C195.62,60.15 200.83,54.52 200.83,46.79 Z\" id=\"Shape\" fill=\"#4285F4\"><\/path><polygon fill=\"#34A853\" points=\"224.64 2.53 224.64 67.53 215.14 67.53 215.14 2.53\"><\/polygon><path d=\"M261.66,54.01 L269.22,59.05 C266.78,62.66 260.9,68.88 250.74,68.88 C238.14,68.88 228.73,59.14 228.73,46.7 C228.73,33.51 238.22,24.52 249.65,24.52 C261.16,24.52 266.79,33.68 268.63,38.63 L269.64,41.15 L239.99,53.43 C242.26,57.88 245.79,60.15 250.74,60.15 C255.7,60.15 259.14,57.71 261.66,54.01 Z M238.39,46.03 L258.21,37.8 C257.12,35.03 253.84,33.1 249.98,33.1 C245.03,33.1 238.14,37.47 238.39,46.03 L238.39,46.03 Z\" id=\"Shape\" fill=\"#EA4335\"><\/path><path d=\"M34.93,40.94 L34.93,31.53 L66.64,31.53 C66.95,33.17 67.11,35.11 67.11,37.21 C67.11,44.27 65.18,53 58.96,59.22 C52.91,65.52 45.18,68.88 34.94,68.88 C15.96,68.88 0,53.42 0,34.44 C0,15.46 15.96,0 34.94,0 C45.44,0 52.92,4.12 58.54,9.49 L51.9,16.13 C47.87,12.35 42.41,9.41 34.93,9.41 C21.07,9.41 10.23,20.58 10.23,34.44 C10.23,48.3 21.07,59.47 34.93,59.47 C43.92,59.47 49.04,55.86 52.32,52.58 C54.98,49.92 56.73,46.12 57.42,40.93 L34.93,40.94 Z\" id=\"Path\" fill=\"#4285F4\"><\/path><\/g><\/g><\/svg><\/a>\n    <\/div>\n\n    \n<\/div> <!-- .b-testimonials-v2 -->\n\n\n\n<div class=\"b-columns m-white m-columns-3 m-align-center \">\n\n    <div class=\"b-block-header \">\n\n        <h2 class=\"b-block-header__title\">Tu d\u00eda a d\u00eda es m\u00e1s f\u00e1cil con una plataforma digital<\/h2>\n    \n    \n<\/div>\n\n\n    <div class=\"c-container m-mobile-wide\">\n\n        <div class=\"b-columns__container\">\n\n            \n            \n            <div class=\"b-columns__item m-white m-image-size-large \">\n                <div class=\"b-columns__item-inner\">\n                    \n                    \n                    <div class=\"b-columns__item-media\">\n                        \n                        <div class=\"b-columns__item-media-bottom\">\n                            <img decoding=\"async\" loading=\"lazy\" src=\"https:\/\/taxfix.com\/es-es\/wp-content\/uploads\/25Q3_TS-ES_Rebrand_Website_SEO-Content_programa-facturacionAccountants2.jpg\" width=\"600\" height=\"600\" alt=\"Crea facturas con un programa de facturaci\u00f3n para aut\u00f3nomos\" srcset=\"https:\/\/taxfix.com\/es-es\/wp-content\/uploads\/25Q3_TS-ES_Rebrand_Website_SEO-Content_programa-facturacionAccountants2-300x300.jpg 300w, https:\/\/taxfix.com\/es-es\/wp-content\/uploads\/25Q3_TS-ES_Rebrand_Website_SEO-Content_programa-facturacionAccountants2-150x150.jpg 150w, https:\/\/taxfix.com\/es-es\/wp-content\/uploads\/25Q3_TS-ES_Rebrand_Website_SEO-Content_programa-facturacionAccountants2.jpg 600w\" class=\"b-columns__item-image\" sizes=\"auto, 240px\"\/>\n                        <\/div>\n                    <\/div>\n                \n                                        \n                                        <h3 class=\"b-columns__item-title\">Facturas electr\u00f3nicas<\/h3>\n                                            \n                                        <div class=\"b-columns__item-content\">\n                        <div class=\"b-block-body\">\n                            <p class=\"p1\">Nuestro programa de facturaci\u00f3n ya incorpora tecnolog\u00eda para la facturaci\u00f3n electr\u00f3nica obligatoria.<\/p>\n\n                        <\/div>\n                    <\/div>\n                                            \n                <\/div>\n            <\/div>\n\n            \n            \n            <div class=\"b-columns__item m-white m-image-size-large \">\n                <div class=\"b-columns__item-inner\">\n                    \n                    \n                    <div class=\"b-columns__item-media\">\n                        \n                        <div class=\"b-columns__item-media-bottom\">\n                            <img decoding=\"async\" loading=\"lazy\" src=\"https:\/\/taxfix.com\/es-es\/wp-content\/uploads\/25Q3_TS-ES_Rebrand_Website_SEO-Content_programa-facturacion-Accountants1.png\" width=\"300\" height=\"300\" alt=\"Recibo del programa de facturaci\u00f3n\" srcset=\"https:\/\/taxfix.com\/es-es\/wp-content\/uploads\/25Q3_TS-ES_Rebrand_Website_SEO-Content_programa-facturacion-Accountants1.png 300w, https:\/\/taxfix.com\/es-es\/wp-content\/uploads\/25Q3_TS-ES_Rebrand_Website_SEO-Content_programa-facturacion-Accountants1-150x150.png 150w\" class=\"b-columns__item-image\" sizes=\"auto, 240px\"\/>\n                        <\/div>\n                    <\/div>\n                \n                                        \n                                        <h3 class=\"b-columns__item-title\">Gastos controlados<\/h3>\n                                            \n                                        <div class=\"b-columns__item-content\">\n                        <div class=\"b-block-body\">\n                            <div class=\"c-scrollbar__hider\" role=\"presentation\" data-qa=\"slack_kit_scrollbar\">\n<div class=\"c-scrollbar__child\" role=\"presentation\">\n<div class=\"c-virtual_list__scroll_container\" tabindex=\"-1\" role=\"list\" data-qa=\"slack_kit_list\" aria-label=\"bea (direct message, away)\">\n<div id=\"1705401815.136729\" class=\"c-virtual_list__item\" tabindex=\"0\" role=\"listitem\" aria-setsize=\"-1\" data-qa=\"virtual-list-item\" data-item-key=\"1705401815.136729\">\n<div class=\"c-message_kit__background c-message_kit__background--hovered p-message_pane_message__message c-message_kit__message p-message_pane_message__message--last\" role=\"presentation\" data-qa=\"message_container\" data-qa-unprocessed=\"false\" data-qa-placeholder=\"false\">\n<div class=\"c-message_kit__hover c-message_kit__hover--hovered\" role=\"document\" aria-roledescription=\"message\" data-qa-hover=\"true\">\n<div class=\"c-message_kit__actions c-message_kit__actions--default\">\n<div class=\"c-message_kit__gutter\">\n<div class=\"c-message_kit__gutter__right\" role=\"presentation\" data-qa=\"message_content\">\n<div class=\"c-message_kit__blocks c-message_kit__blocks--rich_text\">\n<div class=\"c-message__message_blocks c-message__message_blocks--rich_text\" data-qa=\"message-text\">\n<div class=\"p-block_kit_renderer\" data-qa=\"block-kit-renderer\">\n<div class=\"p-block_kit_renderer__block_wrapper p-block_kit_renderer__block_wrapper--first\">\n<div class=\"p-rich_text_block\" dir=\"auto\">\n<div class=\"p-rich_text_section\">\n<p class=\"p1\">Puedes subir el recibo de tus gastos y nuestra herramienta con lA extrae los datos. \u00a1Se a\u00f1ade directamente a tu contabilidad!<\/p>\n<\/div>\n<\/div>\n<\/div>\n<\/div>\n<\/div>\n<\/div>\n<\/div>\n<\/div>\n<\/div>\n<\/div>\n<\/div>\n<\/div>\n<\/div>\n<\/div>\n<\/div>\n\n                        <\/div>\n                    <\/div>\n                                            \n                <\/div>\n            <\/div>\n\n            \n            \n            <div class=\"b-columns__item m-white m-image-size-large \">\n                <div class=\"b-columns__item-inner\">\n                    \n                    \n                    <div class=\"b-columns__item-media\">\n                        \n                        <div class=\"b-columns__item-media-bottom\">\n                            <img decoding=\"async\" loading=\"lazy\" src=\"https:\/\/taxfix.com\/es-es\/wp-content\/uploads\/25Q3_TS-ES_Rebrand_Website_SEO-Content_tarifa-plana-autonomos-Accountants-4.png\" width=\"600\" height=\"601\" alt=\"Programa de contabilidad online para nuevos aut\u00f3nomos\" srcset=\"https:\/\/taxfix.com\/es-es\/wp-content\/uploads\/25Q3_TS-ES_Rebrand_Website_SEO-Content_tarifa-plana-autonomos-Accountants-4-300x300.png 300w, https:\/\/taxfix.com\/es-es\/wp-content\/uploads\/25Q3_TS-ES_Rebrand_Website_SEO-Content_tarifa-plana-autonomos-Accountants-4-150x150.png 150w, https:\/\/taxfix.com\/es-es\/wp-content\/uploads\/25Q3_TS-ES_Rebrand_Website_SEO-Content_tarifa-plana-autonomos-Accountants-4.png 600w\" class=\"b-columns__item-image\" sizes=\"auto, 240px\"\/>\n                        <\/div>\n                    <\/div>\n                \n                                        \n                                        <h3 class=\"b-columns__item-title\">Contabilidad al d\u00eda<\/h3>\n                                            \n                                        <div class=\"b-columns__item-content\">\n                        <div class=\"b-block-body\">\n                            <p class=\"p1\">Con el programa de contabilidad, los libros de registro se generan autom\u00e1ticamente con tus gastos e ingresos y tu asesor se encarga de presentarlos.<\/p>\n\n                        <\/div>\n                    <\/div>\n                                            \n                <\/div>\n            <\/div>\n\n            \n        <\/div>\n    <\/div>\n<\/div> <!-- .b-columns -->\n\n\n\n<div class=\"b-faqs\">\n\n    <div class=\"c-container m-mobile-full\">\n\n        <div class=\"b-faqs__inner\">\n\n            <div class=\"b-faqs__content\">\n                <div class=\"b-faqs__content-inner\">\n\n                    \n                    <h2 class=\"b-faqs__title\">Preguntas frecuentes<\/h2>\n\n                                        \n                    \n                    <div class=\"b-faqs__body\">\n                        <div class=\"b-block-body\"><p>Si tienes m\u00e1s dudas sobre c\u00f3mo funciona nuestro servicio de asesor\u00eda para aut\u00f3nomos, preg\u00fantanos en <a href=\"#\" data-js=\"intercom_open\">el chat<\/a>.<\/p>\n<\/div>\n                    <\/div>\n\n                                    <\/div>\n            <\/div>\n\n            \n            \n            <div class=\"b-faqs__list\">\n                <div class=\"b-faqs__list-inner\">\n\n                    \n                    \n                    <div class=\"b-faqs__item \">\n                        <button class=\"b-faqs__item-question\" data-js=\"faqItemTitle\">\u00bfC\u00f3mo funciona Taxfix?<\/button>\n                        <div class=\"b-faqs__item-answer\">\n                            <div class=\"b-block-body\"><p>El funcionamiento es muy sencillo:<\/p>\n<ol>\n<li>Reg\u00edstrate <a href=\"https:\/\/taxfix.com\/es-es\/#registrarse\">aqu\u00ed<\/a>.<\/li>\n<li>Elige el tr\u00e1mite que deseas realizar.<\/li>\n<li>Completa tus datos personales y de pago.<\/li>\n<\/ol>\n<p>A partir de aqu\u00ed te asignaremos tu asesor, que se pondr\u00e1 directamente a trabajar en tus impuestos, y con qui\u00e9n podr\u00e1s contactar siempre que lo necesites mediante nuestra plataforma o por email.<\/p>\n<\/div>\n                        <\/div>\n                    <\/div>\n\n                    \n                    \n                    \n                    <div class=\"b-faqs__item \">\n                        <button class=\"b-faqs__item-question\" data-js=\"faqItemTitle\">\u00bfEn qu\u00e9 consiste la promoci\u00f3n de 3 meses gratis?<\/button>\n                        <div class=\"b-faqs__item-answer\">\n                            <div class=\"b-block-body\"><p>Si te suscribes a cualquiera de nuestros Pack Aut\u00f3nomos o al Pack Empresas por primera vez, podr\u00e1s disfrutar de todos los servicios que incluye sin pagar un solo euro. Sin trucos ni letra peque\u00f1a. Disfrutas de los 3 meses gratis de gestor\u00eda online y una vez que terminen, decides si quieres continuar con nosotros o cancelar tu suscripci\u00f3n sin ning\u00fan cargo. <span style=\"font-weight: 400;\">Despu\u00e9s de ese per\u00edodo, puedes contratar el servicio para aut\u00f3nomos desde 39,90 \u20ac + IVA al mes y el de empresas por 59,90 \u20ac + IVA al mes.<\/span><\/p>\n<p>Esta oferta tiene una duraci\u00f3n de 3 meses desde el d\u00eda del registro, y solo es v\u00e1lida para nuevos suscriptores de cualquiera de nuestros Pack Aut\u00f3nomos o del Pack Empresas. Nos reservamos el derecho de cancelar la promoci\u00f3n en cualquier momento. Puedes consultar los t\u00e9rminos y condiciones de la oferta <a href=\"https:\/\/taxfix.com\/es-es\/terminos-y-condiciones-qonto\/\" target=\"_blank\" rel=\"noopener\">aqu\u00ed<\/a>.<\/p>\n<\/div>\n                        <\/div>\n                    <\/div>\n\n                    \n                    \n                    \n                    <div class=\"b-faqs__item \">\n                        <button class=\"b-faqs__item-question\" data-js=\"faqItemTitle\">\u00bfQu\u00e9 incluyen los Packs Aut\u00f3nomos?<\/button>\n                        <div class=\"b-faqs__item-answer\">\n                            <div class=\"b-block-body\"><div data-testid=\"markdown-response\">\n<div>\n<p id=\"message\">Depende del Pack Aut\u00f3nomos que elijas, tendr\u00e1s distintos niveles de servicio, pero <strong>todos los Packs incluyen<\/strong>:<\/p>\n<\/div>\n<\/div>\n<div data-testid=\"markdown-response\">\n<ul>\n<li>Asesoramiento personalizado con un asesor fiscal personal.<\/li>\n<li>Alta de aut\u00f3nomo en Hacienda y la Seguridad Social, o cambio de gestor\u00eda si ya trabajas con una.<\/li>\n<li>Presentaci\u00f3n de los impuestos trimestrales y anuales.<\/li>\n<li>Declaraci\u00f3n de la renta a partir del a\u00f1o en el que te suscribas.<\/li>\n<li>Plataforma de facturaci\u00f3n y contabilidad online, compatible con la normativa Verifactu.<\/li>\n<\/ul>\n<\/div>\n<div data-testid=\"markdown-response\">\n<p id=\"message\">Si lo que buscas es m\u00e1s tranquilidad y despreocuparte de la contabilidad, el Pack Aut\u00f3nomos Premium\u00a0es la opci\u00f3n recomendada: adem\u00e1s de lo anterior, incluye <strong>llamadas ilimitadas con tu asesor personal<\/strong> y <strong>contabilidad a cargo de tu asesor<\/strong>. \u00a0Si prefieres una opci\u00f3n m\u00e1s esencial para estar al d\u00eda, el Pack Aut\u00f3nomos Pro incluye la base del servicio por 39,90\u20ac al mes + IVA, sin permanencia. Y si adem\u00e1s tienes empleados a cargo, el Pack Aut\u00f3nomos Total incluye tambi\u00e9n los tr\u00e1mites para la contrataci\u00f3n de hasta 3 empleados.<\/p>\n<\/div>\n<div data-testid=\"markdown-response\">\n<div>\n<p id=\"message\">Los Packs Aut\u00f3nomos <strong>no incluyen<\/strong>:<\/p>\n<\/div>\n<\/div>\n<div data-testid=\"markdown-response\">\n<ul>\n<li>Presentar declaraciones de trimestres anteriores que tengas pendientes.<\/li>\n<li>Contabilidad anterior a la suscripci\u00f3n.<\/li>\n<li>Regularizar impuestos o tr\u00e1mites presentados con errores.<\/li>\n<li>Ayudarte con temas y expedientes que tengas pendientes con la AEAT desde antes de contratar nuestro servicio.<\/li>\n<\/ul>\n<\/div>\n<div data-testid=\"markdown-response\">\n<p id=\"message\">De todas maneras, si necesitas ayuda con alguno de estos tr\u00e1mites, escr\u00edbenos en el chat o <a href=\"https:\/\/wa.me\/message\/OM6CPBSJ2HDDC1\" target=\"_blank\" rel=\"noopener\">por WhatsApp<\/a> y buscaremos una soluci\u00f3n.<\/p>\n<\/div>\n<p>&nbsp;<\/p>\n<\/div>\n                        <\/div>\n                    <\/div>\n\n                    \n                    \n                    \n                    <div class=\"b-faqs__item \">\n                        <button class=\"b-faqs__item-question\" data-js=\"faqItemTitle\">\u00bfQu\u00e9 incluye el Pack Empresas?<\/button>\n                        <div class=\"b-faqs__item-answer\">\n                            <div class=\"b-block-body\"><div class=\"b-media-v3__header\">\n<div class=\"b-media-v3__lead\">Ni sustos ni cabos sueltos: con el Pack Empresas todos los a\u00f1os fiscales son buenos y siempre tendr\u00e1s:<\/div>\n<\/div>\n<div class=\"b-media-v3__body\" data-js=\"mediaToggleContent\">\n<div class=\"b-block-body\">\n<ul>\n<li>Asesor empresarial y respuesta en 24h laborables a trav\u00e9s del chat. Tambi\u00e9n podr\u00e9is organizar llamadas dependiendo del Pack que contrates.<\/li>\n<li>Constituci\u00f3n de tu sociedad y alta como aut\u00f3nomo societario, o ayuda con el cambio de gestor\u00eda.<\/li>\n<li>Presentaci\u00f3n de todos los impuestos de empresa: declaraciones trimestrales, anuales e Impuesto de Sociedades.<\/li>\n<li>Programa de facturaci\u00f3n online compatible con la normativa Verifactu.<\/li>\n<li>Gesti\u00f3n de la contabilidad de tu sociedad a cargo de tu asesor, legalizaci\u00f3n de Libros en el Registro Mercantil y presentaci\u00f3n de Cuentas Anuales.<\/li>\n<li>20 facturas de ingresos y gastos al mes. Puedes elegir otra opci\u00f3n de suscripci\u00f3n si tienes m\u00e1s transacciones.<\/li>\n<\/ul>\n<\/div>\n<\/div>\n<\/div>\n                        <\/div>\n                    <\/div>\n\n                    \n                    \n                    \n                    <div class=\"b-faqs__item \">\n                        <button class=\"b-faqs__item-question\" data-js=\"faqItemTitle\">\u00bfLos precios incluyen IVA?<\/button>\n                        <div class=\"b-faqs__item-answer\">\n                            <div class=\"b-block-body\"><p>Alguno s\u00ed (Pack Renta) y algunos no (Packs Aut\u00f3nomos y Pack Empresa). Te contamos.<\/p>\n<p>A los particulares Hacienda no les devuelve el IVA cuando les hacemos la declaraci\u00f3n de la renta porque el servicio que contratan (el Pack Renta) no est\u00e1 relacionado con su actividad profesional. Por eso, el Pack Renta incluye el IVA.<\/p>\n<p>En cambio, a los aut\u00f3nomos y empresas, Hacienda generalmente les devuelve el IVA, ya que los servicios que est\u00e1n contratando (Packs Aut\u00f3nomos o Pack Empresas) est\u00e1n relacionados con su actividad profesional. Para reflejar esta devoluci\u00f3n, no incluimos el IVA en los precios de estos Packs. Aunque se te cobre cuando te suscribas, tu asesor online se encargar\u00e1 de ajustar tus cuentas con Hacienda despu\u00e9s \ud83d\udc4c.<\/p>\n<\/div>\n                        <\/div>\n                    <\/div>\n\n                    \n                    \n                    \n                    <div class=\"b-faqs__item \">\n                        <button class=\"b-faqs__item-question\" data-js=\"faqItemTitle\">\u00bfHablar\u00e9 directamente con mi asesor?<\/button>\n                        <div class=\"b-faqs__item-answer\">\n                            <div class=\"b-block-body\"><p>\u00a1Pues claro! Puedes contactar con tu asesor cuando lo necesites a trav\u00e9s del chat de nuestra plataforma, o agendar una llamada.<\/p>\n<\/div>\n                        <\/div>\n                    <\/div>\n\n                    \n                    \n                    \n                    <div class=\"b-faqs__item \">\n                        <button class=\"b-faqs__item-question\" data-js=\"faqItemTitle\">\u00bfHay permanencia?<\/button>\n                        <div class=\"b-faqs__item-answer\">\n                            <div class=\"b-block-body\"><p>No, como las buenas compa\u00f1\u00edas, no tenemos permanencia. Puedes darte de baja cuando quieras desde tu zona de usuario y en un solo clic (\u00a1oye, pero que sea tan f\u00e1cil no significa que no nos da penita verte marchar, eh!).<\/p>\n<p>Ten en cuenta que si te das de baja de un Pack Aut\u00f3nomos o Empresas y quieres volver a activar tu suscripci\u00f3n, tendr\u00e1n que haber pasado al menos 4 meses desde tu cancelaci\u00f3n. Si no, tendr\u00e1s que ponerte al d\u00eda con los pagos atrasados de ese periodo.<\/p>\n<\/div>\n                        <\/div>\n                    <\/div>\n\n                    \n                                        \n                <\/div>\n            <\/div>\n\n            \n        <\/div>\n    <\/div>\n<\/div> <!-- .b-faqs -->\n\n\n\n<div class=\"b-press-v2 m-white\">\n\n    <div class=\"b-block-header \">\n\n        <h2 class=\"b-block-header__title\">\u00a1Salimos en los medios!<\/h2>\n    \n    \n<\/div>\n\n\n    <div class=\"b-press-v2__slider\">\n        <div data-react=\"block-press\" data-options='{\n            \"items\": [{&quot;id&quot;:2894,&quot;body&quot;:&quot;\\u201cCuando un usuario se registra, se le asigna un asesor fiscal personal que se encarga de sus impuestos y con quien puede contactar directamente para cualquier duda.\\u201d&quot;,&quot;author&quot;:&quot;&quot;,&quot;image_src&quot;:&quot;https:\\\/\\\/taxfix.com\\\/es-es\\\/wp-content\\\/uploads\\\/expansion_logo-1-768x384.png&quot;},{&quot;id&quot;:2895,&quot;body&quot;:&quot;\\u201cTaxfix ofrece un servicio 100% online que combina la automatizaci\\u00f3n de las tareas administrativas con el asesoramiento humano mediante un asesor fiscal profesional.\\u201d&quot;,&quot;author&quot;:&quot;&quot;,&quot;image_src&quot;:&quot;https:\\\/\\\/taxfix.com\\\/es-es\\\/wp-content\\\/uploads\\\/cincodias_logo-1-768x384.png&quot;},{&quot;id&quot;:2896,&quot;body&quot;:&quot;\\u201cUna de las ventajas de Taxfix es que est\\u00e1 reconocido como Colaborador Social de la Agencia Tributaria, por lo que los datos personales quedan a buen recaudo.\\u201d&quot;,&quot;author&quot;:&quot;&quot;,&quot;image_src&quot;:&quot;https:\\\/\\\/taxfix.com\\\/es-es\\\/wp-content\\\/uploads\\\/business_insider_logo-1-768x384.png&quot;},{&quot;id&quot;:2897,&quot;body&quot;:&quot;\\u201cTaxfix simplifica todo el proceso y, a trav\\u00e9s de asesores fiscales especializados, por un precio cerrado que no var\\u00eda en funci\\u00f3n de la situaci\\u00f3n personal del contribuyente.\\u201d&quot;,&quot;author&quot;:&quot;&quot;,&quot;image_src&quot;:&quot;https:\\\/\\\/taxfix.com\\\/es-es\\\/wp-content\\\/uploads\\\/eleconomista_logo-1-768x384.png&quot;}]\n        }'><\/div>\n    <\/div>\n<\/div> <!-- .b-press-v2 -->\n\n\n\n<div class=\"b-boxes m-boxes-1  m-align-center\">\n\n    <div class=\"c-container m-mobile-wide\">\n\n        <div class=\"b-boxes__inner\">\n\n            \n                \n                \n            <div class=\"b-boxes__item m-mint\">\n\n                <div class=\"b-boxes__item-inner\">\n\n                                        <h2 class=\"b-boxes__item-title\">Bueno, \u00bfqu\u00e9 hacemos?<\/h2>\n                    \n                    \n                                        <div class=\"b-boxes__item-body\">\n                        <div class=\"b-block-body  m-large\"><p>Si quieres que seamos tu gestor\u00eda online, \u00a1empecemos!<\/p>\n<\/div>\n                    <\/div>\n                    \n                    \n                    <div class=\"b-boxes__action\">\n\n                        <a data-js=\"openAuth\" data-view=\"registrarse\" href=\"https:\/\/taxfix.com\/es-es\/app\/signup\" class=\"gtm-get-started-button c-button m-large\" >Crea tu cuenta<\/a>\n\n\n                                                <div class=\"b-boxes__action-content\">\n                            <div class=\"b-block-body\">\n                                o <a href=\"#\" data-js=\"intercom_open\">chatea<\/a> para saber m\u00e1s\n                            <\/div>\n                        <\/div>\n                                            <\/div>\n\n                                    <\/div>\n            <\/div>\n\n                            \n        <\/div>\n    <\/div>\n<\/div> <!-- .b-boxes -->\n\n","protected":false},"excerpt":{"rendered":"","protected":false},"author":33,"featured_media":18247,"parent":0,"menu_order":0,"comment_status":"closed","ping_status":"closed","template":"views\/template-modular.blade.php","meta":{"_acf_changed":false,"footnotes":""},"class_list":["post-24246","page","type-page","status-publish","has-post-thumbnail","hentry"],"acf":[],"yoast_head":"<!-- This site is optimized with the Yoast SEO plugin v25.8 - https:\/\/yoast.com\/wordpress\/plugins\/seo\/ -->\n<title>Gestor\u00eda online con descuento especial &#8211; Taxfix<\/title>\n<meta name=\"description\" content=\"Nos encargamos de tus tr\u00e1mites e impuestos tanto si eres aut\u00f3nomo, empresa o particular. Siempre con la ayuda de asesor fiscal experto.\" \/>\n<meta name=\"robots\" content=\"noindex, nofollow\" \/>\n<meta property=\"og:locale\" content=\"es_ES\" \/>\n<meta property=\"og:type\" content=\"article\" \/>\n<meta property=\"og:title\" content=\"Gestor\u00eda online con descuento especial &#8211; Taxfix\" \/>\n<meta property=\"og:description\" content=\"Nos encargamos de tus tr\u00e1mites e impuestos tanto si eres aut\u00f3nomo, empresa o particular. Siempre con la ayuda de asesor fiscal experto.\" \/>\n<meta property=\"og:url\" content=\"https:\/\/taxfix.com\/es-es\/qonto\/\" \/>\n<meta property=\"og:site_name\" content=\"Taxfix\" \/>\n<meta property=\"article:publisher\" content=\"https:\/\/www.facebook.com\/taxfix_es\/\" \/>\n<meta property=\"article:modified_time\" content=\"2025-12-24T10:34:14+00:00\" \/>\n<meta property=\"og:image\" content=\"https:\/\/taxfix.com\/es-es\/wp-content\/uploads\/facturacion-6.png\" \/>\n\t<meta property=\"og:image:width\" content=\"900\" \/>\n\t<meta property=\"og:image:height\" content=\"900\" \/>\n\t<meta property=\"og:image:type\" content=\"image\/png\" \/>\n<meta name=\"twitter:card\" content=\"summary_large_image\" \/>\n<script type=\"application\/ld+json\" class=\"yoast-schema-graph\">{\"@context\":\"https:\/\/schema.org\",\"@graph\":[{\"@type\":\"WebPage\",\"@id\":\"https:\/\/taxfix.com\/es-es\/qonto\/\",\"url\":\"https:\/\/taxfix.com\/es-es\/qonto\/\",\"name\":\"Gestor\u00eda online con descuento especial &#8211; Taxfix\",\"isPartOf\":{\"@id\":\"https:\/\/taxfix.com\/es-es\/#website\"},\"primaryImageOfPage\":{\"@id\":\"https:\/\/taxfix.com\/es-es\/qonto\/#primaryimage\"},\"image\":{\"@id\":\"https:\/\/taxfix.com\/es-es\/qonto\/#primaryimage\"},\"thumbnailUrl\":\"https:\/\/taxfix.com\/es-es\/wp-content\/uploads\/facturacion-6.png\",\"datePublished\":\"2025-06-11T14:05:19+00:00\",\"dateModified\":\"2025-12-24T10:34:14+00:00\",\"description\":\"Nos encargamos de tus tr\u00e1mites e impuestos tanto si eres aut\u00f3nomo, empresa o particular. Siempre con la ayuda de asesor fiscal experto.\",\"breadcrumb\":{\"@id\":\"https:\/\/taxfix.com\/es-es\/qonto\/#breadcrumb\"},\"inLanguage\":\"es\",\"potentialAction\":[{\"@type\":\"ReadAction\",\"target\":[\"https:\/\/taxfix.com\/es-es\/qonto\/\"]}]},{\"@type\":\"ImageObject\",\"inLanguage\":\"es\",\"@id\":\"https:\/\/taxfix.com\/es-es\/qonto\/#primaryimage\",\"url\":\"https:\/\/taxfix.com\/es-es\/wp-content\/uploads\/facturacion-6.png\",\"contentUrl\":\"https:\/\/taxfix.com\/es-es\/wp-content\/uploads\/facturacion-6.png\",\"width\":900,\"height\":900},{\"@type\":\"BreadcrumbList\",\"@id\":\"https:\/\/taxfix.com\/es-es\/qonto\/#breadcrumb\",\"itemListElement\":[{\"@type\":\"ListItem\",\"position\":1,\"name\":\"Taxfix\",\"item\":\"https:\/\/taxfix.com\/es-es\/\"},{\"@type\":\"ListItem\",\"position\":2,\"name\":\"Qonto partnership\"}]},{\"@type\":\"WebSite\",\"@id\":\"https:\/\/taxfix.com\/es-es\/#website\",\"url\":\"https:\/\/taxfix.com\/es-es\/\",\"name\":\"Taxfix\",\"description\":\"La mejor forma de presentar tus impuestos\",\"publisher\":{\"@id\":\"https:\/\/taxfix.com\/es-es\/#organization\"},\"potentialAction\":[{\"@type\":\"SearchAction\",\"target\":{\"@type\":\"EntryPoint\",\"urlTemplate\":\"https:\/\/taxfix.com\/es-es\/?s={search_term_string}\"},\"query-input\":{\"@type\":\"PropertyValueSpecification\",\"valueRequired\":true,\"valueName\":\"search_term_string\"}}],\"inLanguage\":\"es\"},{\"@type\":\"Organization\",\"@id\":\"https:\/\/taxfix.com\/es-es\/#organization\",\"name\":\"Taxfix\",\"url\":\"https:\/\/taxfix.com\/es-es\/\",\"logo\":{\"@type\":\"ImageObject\",\"inLanguage\":\"es\",\"@id\":\"https:\/\/taxfix.com\/es-es\/#\/schema\/logo\/image\/\",\"url\":\"https:\/\/taxfix.com\/es-es\/wp-content\/uploads\/1692.png\",\"contentUrl\":\"https:\/\/taxfix.com\/es-es\/wp-content\/uploads\/1692.png\",\"width\":192,\"height\":40,\"caption\":\"Taxfix\"},\"image\":{\"@id\":\"https:\/\/taxfix.com\/es-es\/#\/schema\/logo\/image\/\"},\"sameAs\":[\"https:\/\/www.facebook.com\/taxfix_es\/\",\"https:\/\/www.linkedin.com\/company\/taxfix\/\"]}]}<\/script>\n<!-- \/ Yoast SEO plugin. -->","yoast_head_json":{"title":"Gestor\u00eda online con descuento especial &#8211; Taxfix","description":"Nos encargamos de tus tr\u00e1mites e impuestos tanto si eres aut\u00f3nomo, empresa o particular. Siempre con la ayuda de asesor fiscal experto.","robots":{"index":"noindex","follow":"nofollow"},"og_locale":"es_ES","og_type":"article","og_title":"Gestor\u00eda online con descuento especial &#8211; Taxfix","og_description":"Nos encargamos de tus tr\u00e1mites e impuestos tanto si eres aut\u00f3nomo, empresa o particular. Siempre con la ayuda de asesor fiscal experto.","og_url":"https:\/\/taxfix.com\/es-es\/qonto\/","og_site_name":"Taxfix","article_publisher":"https:\/\/www.facebook.com\/taxfix_es\/","article_modified_time":"2025-12-24T10:34:14+00:00","og_image":[{"width":900,"height":900,"url":"https:\/\/taxfix.com\/es-es\/wp-content\/uploads\/facturacion-6.png","type":"image\/png"}],"twitter_card":"summary_large_image","schema":{"@context":"https:\/\/schema.org","@graph":[{"@type":"WebPage","@id":"https:\/\/taxfix.com\/es-es\/qonto\/","url":"https:\/\/taxfix.com\/es-es\/qonto\/","name":"Gestor\u00eda online con descuento especial &#8211; Taxfix","isPartOf":{"@id":"https:\/\/taxfix.com\/es-es\/#website"},"primaryImageOfPage":{"@id":"https:\/\/taxfix.com\/es-es\/qonto\/#primaryimage"},"image":{"@id":"https:\/\/taxfix.com\/es-es\/qonto\/#primaryimage"},"thumbnailUrl":"https:\/\/taxfix.com\/es-es\/wp-content\/uploads\/facturacion-6.png","datePublished":"2025-06-11T14:05:19+00:00","dateModified":"2025-12-24T10:34:14+00:00","description":"Nos encargamos de tus tr\u00e1mites e impuestos tanto si eres aut\u00f3nomo, empresa o particular. Siempre con la ayuda de asesor fiscal experto.","breadcrumb":{"@id":"https:\/\/taxfix.com\/es-es\/qonto\/#breadcrumb"},"inLanguage":"es","potentialAction":[{"@type":"ReadAction","target":["https:\/\/taxfix.com\/es-es\/qonto\/"]}]},{"@type":"ImageObject","inLanguage":"es","@id":"https:\/\/taxfix.com\/es-es\/qonto\/#primaryimage","url":"https:\/\/taxfix.com\/es-es\/wp-content\/uploads\/facturacion-6.png","contentUrl":"https:\/\/taxfix.com\/es-es\/wp-content\/uploads\/facturacion-6.png","width":900,"height":900},{"@type":"BreadcrumbList","@id":"https:\/\/taxfix.com\/es-es\/qonto\/#breadcrumb","itemListElement":[{"@type":"ListItem","position":1,"name":"Taxfix","item":"https:\/\/taxfix.com\/es-es\/"},{"@type":"ListItem","position":2,"name":"Qonto partnership"}]},{"@type":"WebSite","@id":"https:\/\/taxfix.com\/es-es\/#website","url":"https:\/\/taxfix.com\/es-es\/","name":"Taxfix","description":"La mejor forma de presentar tus impuestos","publisher":{"@id":"https:\/\/taxfix.com\/es-es\/#organization"},"potentialAction":[{"@type":"SearchAction","target":{"@type":"EntryPoint","urlTemplate":"https:\/\/taxfix.com\/es-es\/?s={search_term_string}"},"query-input":{"@type":"PropertyValueSpecification","valueRequired":true,"valueName":"search_term_string"}}],"inLanguage":"es"},{"@type":"Organization","@id":"https:\/\/taxfix.com\/es-es\/#organization","name":"Taxfix","url":"https:\/\/taxfix.com\/es-es\/","logo":{"@type":"ImageObject","inLanguage":"es","@id":"https:\/\/taxfix.com\/es-es\/#\/schema\/logo\/image\/","url":"https:\/\/taxfix.com\/es-es\/wp-content\/uploads\/1692.png","contentUrl":"https:\/\/taxfix.com\/es-es\/wp-content\/uploads\/1692.png","width":192,"height":40,"caption":"Taxfix"},"image":{"@id":"https:\/\/taxfix.com\/es-es\/#\/schema\/logo\/image\/"},"sameAs":["https:\/\/www.facebook.com\/taxfix_es\/","https:\/\/www.linkedin.com\/company\/taxfix\/"]}]}},"_links":{"self":[{"href":"https:\/\/taxfix.com\/es-es\/wp-json\/wp\/v2\/pages\/24246","targetHints":{"allow":["GET"]}}],"collection":[{"href":"https:\/\/taxfix.com\/es-es\/wp-json\/wp\/v2\/pages"}],"about":[{"href":"https:\/\/taxfix.com\/es-es\/wp-json\/wp\/v2\/types\/page"}],"author":[{"embeddable":true,"href":"https:\/\/taxfix.com\/es-es\/wp-json\/wp\/v2\/users\/33"}],"replies":[{"embeddable":true,"href":"https:\/\/taxfix.com\/es-es\/wp-json\/wp\/v2\/comments?post=24246"}],"version-history":[{"count":54,"href":"https:\/\/taxfix.com\/es-es\/wp-json\/wp\/v2\/pages\/24246\/revisions"}],"predecessor-version":[{"id":28605,"href":"https:\/\/taxfix.com\/es-es\/wp-json\/wp\/v2\/pages\/24246\/revisions\/28605"}],"wp:featuredmedia":[{"embeddable":true,"href":"https:\/\/taxfix.com\/es-es\/wp-json\/wp\/v2\/media\/18247"}],"wp:attachment":[{"href":"https:\/\/taxfix.com\/es-es\/wp-json\/wp\/v2\/media?parent=24246"}],"curies":[{"name":"wp","href":"https:\/\/api.w.org\/{rel}","templated":true}]}}